{"version":"1.0","provider_name":"Jloisbocos","provider_url":"https:\/\/www.jloisbocos.com\/en\/","author_name":"admin","author_url":"https:\/\/www.jloisbocos.com\/en\/author\/admin\/","title":"Ciclo de conciertos de \u00f3rgano Villa de Tordesillas - Jloisbocos","type":"rich","width":600,"height":338,"html":"<blockquote class=\"wp-embedded-content\" data-secret=\"RwLFbPQdTk\"><a href=\"https:\/\/www.jloisbocos.com\/en\/portefolio\/ciclo-de-conciertos-de-organo-villa-de-tordesillas\/\">Ciclo de conciertos de \u00f3rgano Villa de Tordesillas<\/a><\/blockquote><iframe sandbox=\"allow-scripts\" security=\"restricted\" src=\"https:\/\/www.jloisbocos.com\/en\/portefolio\/ciclo-de-conciertos-de-organo-villa-de-tordesillas\/embed\/#?secret=RwLFbPQdTk\" width=\"600\" height=\"338\" title=\"&#8220;Ciclo de conciertos de \u00f3rgano Villa de Tordesillas&#8221; &#8212; Jloisbocos\" data-secret=\"RwLFbPQdTk\" frameborder=\"0\" marginwidth=\"0\" marginheight=\"0\" scrolling=\"no\" class=\"wp-embedded-content\"><\/iframe><script>\n\/*! This file is auto-generated *\/\n!function(d,l){\"use strict\";l.querySelector&&d.addEventListener&&\"undefined\"!=typeof URL&&(d.wp=d.wp||{},d.wp.receiveEmbedMessage||(d.wp.receiveEmbedMessage=function(e){var t=e.data;if((t||t.secret||t.message||t.value)&&!\/[^a-zA-Z0-9]\/.test(t.secret)){for(var s,r,n,a=l.querySelectorAll('iframe[data-secret=\"'+t.secret+'\"]'),o=l.querySelectorAll('blockquote[data-secret=\"'+t.secret+'\"]'),c=new RegExp(\"^https?:$\",\"i\"),i=0;i<o.length;i++)o[i].style.display=\"none\";for(i=0;i<a.length;i++)s=a[i],e.source===s.contentWindow&&(s.removeAttribute(\"style\"),\"height\"===t.message?(1e3<(r=parseInt(t.value,10))?r=1e3:~~r<200&&(r=200),s.height=r):\"link\"===t.message&&(r=new URL(s.getAttribute(\"src\")),n=new URL(t.value),c.test(n.protocol))&&n.host===r.host&&l.activeElement===s&&(d.top.location.href=t.value))}},d.addEventListener(\"message\",d.wp.receiveEmbedMessage,!1),l.addEventListener(\"DOMContentLoaded\",function(){for(var e,t,s=l.querySelectorAll(\"iframe.wp-embedded-content\"),r=0;r<s.length;r++)(t=(e=s[r]).getAttribute(\"data-secret\"))||(t=Math.random().toString(36).substring(2,12),e.src+=\"#?secret=\"+t,e.setAttribute(\"data-secret\",t)),e.contentWindow.postMessage({message:\"ready\",secret:t},\"*\")},!1)))}(window,document);\n\/\/# sourceURL=https:\/\/www.jloisbocos.com\/wp-includes\/js\/wp-embed.min.js\n<\/script>\n","thumbnail_url":"https:\/\/www.jloisbocos.com\/wp-content\/uploads\/2023\/08\/identidad-ciclo-organo-tordesillas-logo-1.jpg","thumbnail_width":1400,"thumbnail_height":788,"description":"Identidad visual Colaboraci\u00f3n con la asociaci\u00f3n &#8220;El Realejo&#8221; para el desarrollo de la comunicaci\u00f3n visual del ciclo de conciertos de \u00f3rgano que se celebra todos los a\u00f1os en Tordesillas en la temporada de verano. La comunicaci\u00f3n tiene como objetivo promover el ciclo de conciertos para recibir el mayor numero de visitas posibles. Esta comunicaci\u00f3n es [&hellip;]"}