{"id":21,"date":"2022-12-04T12:12:01","date_gmt":"2022-12-04T12:12:01","guid":{"rendered":"https:\/\/www.jloisbocos.com\/?page_id=21"},"modified":"2025-08-28T13:42:34","modified_gmt":"2025-08-28T13:42:34","slug":"fotografia-arquitectura-interiores","status":"publish","type":"page","link":"https:\/\/www.jloisbocos.com\/en\/servicios\/fotografia\/fotografia-arquitectura-interiores\/","title":{"rendered":"Fotograf\u00eda de Arquitectura e interiores"},"content":{"rendered":"\n<p>A trav\u00e9s de la fotograf\u00eda de arquitectura y de interiores se busca mostrar con rigor el espacio, destacando aquellas caracter\u00edsticas propias del proyecto, sus espacios, captar el ambiente que la luz crea en los mismos.<\/p>\n\n\n\n<p>Ya sean proyectos de <strong>fotograf\u00eda residencial<\/strong>, <strong>decoraci\u00f3n<\/strong>, <strong>dise\u00f1o de interiores<\/strong>, una <strong>casa<\/strong>, o un <strong>apartamento modelo<\/strong>, viviendas privadas&#8230; Cada proyecto es un trabajo de busqueda y comprensi\u00f3n del espacio y para reflejar todo su ponencial tanto espacial como est\u00e9tico mostrando <strong>su mejor versi\u00f3n<\/strong>.<\/p>\n\n\n\n<p>Servicios de fotograf\u00eda para arquitectura e interiores<\/p>\n\n\n\n<ul class=\"wp-block-list\">\n<li>Fotograf\u00eda para impresi\u00f3n de catalogos, revistas&#8230;<\/li>\n\n\n\n<li>Fotograf\u00eda para Web <\/li>\n\n\n\n<li>Fotograf\u00eda 360\u00ba<\/li>\n\n\n\n<li>Fotograf\u00eda de interiores<\/li>\n\n\n\n<li>Ortofotos<\/li>\n<\/ul>\n\n\n\n<p><\/p>\n","protected":false},"excerpt":{"rendered":"<p>A trav\u00e9s de la fotograf\u00eda de arquitectura y de interiores se busca mostrar con rigor el espacio, destacando aquellas caracter\u00edsticas propias del proyecto, sus espacios, captar el ambiente que la luz crea en los mismos. Ya sean proyectos de fotograf\u00eda residencial, decoraci\u00f3n, dise\u00f1o de interiores, una casa, o un apartamento modelo, viviendas privadas&#8230; Cada proyecto [&hellip;]<\/p>\n","protected":false},"author":1,"featured_media":0,"parent":11,"menu_order":0,"comment_status":"closed","ping_status":"closed","template":"page-fotografia-parent.php","meta":{"_acf_changed":false,"footnotes":""},"class_list":["post-21","page","type-page","status-publish","hentry"],"acf":[],"yoast_head":"<!-- This site is optimized with the Yoast SEO plugin v26.6 - https:\/\/yoast.com\/wordpress\/plugins\/seo\/ -->\n<title>Fotograf\u00eda de Arquitectura e interiores - Jloisbocos<\/title>\n<meta name=\"robots\" content=\"noindex, follow, max-snippet:-1, max-image-preview:large, max-video-preview:-1\" \/>\n<meta property=\"og:locale\" content=\"en_US\" \/>\n<meta property=\"og:type\" content=\"article\" \/>\n<meta property=\"og:title\" content=\"Fotograf\u00eda de Arquitectura e interiores - Jloisbocos\" \/>\n<meta property=\"og:description\" content=\"A trav\u00e9s de la fotograf\u00eda de arquitectura y de interiores se busca mostrar con rigor el espacio, destacando aquellas caracter\u00edsticas propias del proyecto, sus espacios, captar el ambiente que la luz crea en los mismos. Ya sean proyectos de fotograf\u00eda residencial, decoraci\u00f3n, dise\u00f1o de interiores, una casa, o un apartamento modelo, viviendas privadas&#8230; Cada proyecto [&hellip;]\" \/>\n<meta property=\"og:url\" content=\"https:\/\/www.jloisbocos.com\/en\/servicios\/fotografia\/fotografia-arquitectura-interiores\/\" \/>\n<meta property=\"og:site_name\" content=\"Jloisbocos\" \/>\n<meta property=\"article:modified_time\" content=\"2025-08-28T13:42:34+00:00\" \/>\n<meta name=\"twitter:card\" content=\"summary_large_image\" \/>\n<meta name=\"twitter:label1\" content=\"Est. reading time\" \/>\n\t<meta name=\"twitter:data1\" content=\"1 minute\" \/>\n<script type=\"application\/ld+json\" class=\"yoast-schema-graph\">{\"@context\":\"https:\/\/schema.org\",\"@graph\":[{\"@type\":\"WebPage\",\"@id\":\"https:\/\/www.jloisbocos.com\/en\/servicios\/fotografia\/fotografia-arquitectura-interiores\/\",\"url\":\"https:\/\/www.jloisbocos.com\/en\/servicios\/fotografia\/fotografia-arquitectura-interiores\/\",\"name\":\"Fotograf\u00eda de Arquitectura e interiores - Jloisbocos\",\"isPartOf\":{\"@id\":\"https:\/\/www.jloisbocos.com\/en\/#website\"},\"datePublished\":\"2022-12-04T12:12:01+00:00\",\"dateModified\":\"2025-08-28T13:42:34+00:00\",\"breadcrumb\":{\"@id\":\"https:\/\/www.jloisbocos.com\/en\/servicios\/fotografia\/fotografia-arquitectura-interiores\/#breadcrumb\"},\"inLanguage\":\"en-US\",\"potentialAction\":[{\"@type\":\"ReadAction\",\"target\":[\"https:\/\/www.jloisbocos.com\/en\/servicios\/fotografia\/fotografia-arquitectura-interiores\/\"]}]},{\"@type\":\"BreadcrumbList\",\"@id\":\"https:\/\/www.jloisbocos.com\/en\/servicios\/fotografia\/fotografia-arquitectura-interiores\/#breadcrumb\",\"itemListElement\":[{\"@type\":\"ListItem\",\"position\":1,\"name\":\"In\u00edcio\",\"item\":\"https:\/\/www.jloisbocos.com\/en\/\"},{\"@type\":\"ListItem\",\"position\":2,\"name\":\"Servicios\",\"item\":\"https:\/\/www.jloisbocos.com\/en\/servicios\/\"},{\"@type\":\"ListItem\",\"position\":3,\"name\":\"Fotograf\u00eda\",\"item\":\"https:\/\/www.jloisbocos.com\/en\/servicios\/fotografia\/\"},{\"@type\":\"ListItem\",\"position\":4,\"name\":\"Fotograf\u00eda de Arquitectura e interiores\"}]},{\"@type\":\"WebSite\",\"@id\":\"https:\/\/www.jloisbocos.com\/en\/#website\",\"url\":\"https:\/\/www.jloisbocos.com\/en\/\",\"name\":\"Jloisbocos\",\"description\":\"Fotogr\u00e1fia, dise\u00f1o y 3Dscan\",\"publisher\":{\"@id\":\"https:\/\/www.jloisbocos.com\/en\/#organization\"},\"potentialAction\":[{\"@type\":\"SearchAction\",\"target\":{\"@type\":\"EntryPoint\",\"urlTemplate\":\"https:\/\/www.jloisbocos.com\/en\/?s={search_term_string}\"},\"query-input\":{\"@type\":\"PropertyValueSpecification\",\"valueRequired\":true,\"valueName\":\"search_term_string\"}}],\"inLanguage\":\"en-US\"},{\"@type\":\"Organization\",\"@id\":\"https:\/\/www.jloisbocos.com\/en\/#organization\",\"name\":\"Jloisbocos\",\"url\":\"https:\/\/www.jloisbocos.com\/en\/\",\"logo\":{\"@type\":\"ImageObject\",\"inLanguage\":\"en-US\",\"@id\":\"https:\/\/www.jloisbocos.com\/en\/#\/schema\/logo\/image\/\",\"url\":\"https:\/\/www.jloisbocos.com\/wp-content\/uploads\/2022\/12\/logo.png\",\"contentUrl\":\"https:\/\/www.jloisbocos.com\/wp-content\/uploads\/2022\/12\/logo.png\",\"width\":208,\"height\":42,\"caption\":\"Jloisbocos\"},\"image\":{\"@id\":\"https:\/\/www.jloisbocos.com\/en\/#\/schema\/logo\/image\/\"}}]}<\/script>\n<!-- \/ Yoast SEO plugin. -->","yoast_head_json":{"title":"Fotograf\u00eda de Arquitectura e interiores - Jloisbocos","robots":{"index":"noindex","follow":"follow","max-snippet":"max-snippet:-1","max-image-preview":"max-image-preview:large","max-video-preview":"max-video-preview:-1"},"og_locale":"en_US","og_type":"article","og_title":"Fotograf\u00eda de Arquitectura e interiores - Jloisbocos","og_description":"A trav\u00e9s de la fotograf\u00eda de arquitectura y de interiores se busca mostrar con rigor el espacio, destacando aquellas caracter\u00edsticas propias del proyecto, sus espacios, captar el ambiente que la luz crea en los mismos. Ya sean proyectos de fotograf\u00eda residencial, decoraci\u00f3n, dise\u00f1o de interiores, una casa, o un apartamento modelo, viviendas privadas&#8230; Cada proyecto [&hellip;]","og_url":"https:\/\/www.jloisbocos.com\/en\/servicios\/fotografia\/fotografia-arquitectura-interiores\/","og_site_name":"Jloisbocos","article_modified_time":"2025-08-28T13:42:34+00:00","twitter_card":"summary_large_image","twitter_misc":{"Est. reading time":"1 minute"},"schema":{"@context":"https:\/\/schema.org","@graph":[{"@type":"WebPage","@id":"https:\/\/www.jloisbocos.com\/en\/servicios\/fotografia\/fotografia-arquitectura-interiores\/","url":"https:\/\/www.jloisbocos.com\/en\/servicios\/fotografia\/fotografia-arquitectura-interiores\/","name":"Fotograf\u00eda de Arquitectura e interiores - Jloisbocos","isPartOf":{"@id":"https:\/\/www.jloisbocos.com\/en\/#website"},"datePublished":"2022-12-04T12:12:01+00:00","dateModified":"2025-08-28T13:42:34+00:00","breadcrumb":{"@id":"https:\/\/www.jloisbocos.com\/en\/servicios\/fotografia\/fotografia-arquitectura-interiores\/#breadcrumb"},"inLanguage":"en-US","potentialAction":[{"@type":"ReadAction","target":["https:\/\/www.jloisbocos.com\/en\/servicios\/fotografia\/fotografia-arquitectura-interiores\/"]}]},{"@type":"BreadcrumbList","@id":"https:\/\/www.jloisbocos.com\/en\/servicios\/fotografia\/fotografia-arquitectura-interiores\/#breadcrumb","itemListElement":[{"@type":"ListItem","position":1,"name":"In\u00edcio","item":"https:\/\/www.jloisbocos.com\/en\/"},{"@type":"ListItem","position":2,"name":"Servicios","item":"https:\/\/www.jloisbocos.com\/en\/servicios\/"},{"@type":"ListItem","position":3,"name":"Fotograf\u00eda","item":"https:\/\/www.jloisbocos.com\/en\/servicios\/fotografia\/"},{"@type":"ListItem","position":4,"name":"Fotograf\u00eda de Arquitectura e interiores"}]},{"@type":"WebSite","@id":"https:\/\/www.jloisbocos.com\/en\/#website","url":"https:\/\/www.jloisbocos.com\/en\/","name":"Jloisbocos","description":"Fotogr\u00e1fia, dise\u00f1o y 3Dscan","publisher":{"@id":"https:\/\/www.jloisbocos.com\/en\/#organization"},"potentialAction":[{"@type":"SearchAction","target":{"@type":"EntryPoint","urlTemplate":"https:\/\/www.jloisbocos.com\/en\/?s={search_term_string}"},"query-input":{"@type":"PropertyValueSpecification","valueRequired":true,"valueName":"search_term_string"}}],"inLanguage":"en-US"},{"@type":"Organization","@id":"https:\/\/www.jloisbocos.com\/en\/#organization","name":"Jloisbocos","url":"https:\/\/www.jloisbocos.com\/en\/","logo":{"@type":"ImageObject","inLanguage":"en-US","@id":"https:\/\/www.jloisbocos.com\/en\/#\/schema\/logo\/image\/","url":"https:\/\/www.jloisbocos.com\/wp-content\/uploads\/2022\/12\/logo.png","contentUrl":"https:\/\/www.jloisbocos.com\/wp-content\/uploads\/2022\/12\/logo.png","width":208,"height":42,"caption":"Jloisbocos"},"image":{"@id":"https:\/\/www.jloisbocos.com\/en\/#\/schema\/logo\/image\/"}}]}},"jetpack_sharing_enabled":true,"_links":{"self":[{"href":"https:\/\/www.jloisbocos.com\/en\/wp-json\/wp\/v2\/pages\/21","targetHints":{"allow":["GET"]}}],"collection":[{"href":"https:\/\/www.jloisbocos.com\/en\/wp-json\/wp\/v2\/pages"}],"about":[{"href":"https:\/\/www.jloisbocos.com\/en\/wp-json\/wp\/v2\/types\/page"}],"author":[{"embeddable":true,"href":"https:\/\/www.jloisbocos.com\/en\/wp-json\/wp\/v2\/users\/1"}],"replies":[{"embeddable":true,"href":"https:\/\/www.jloisbocos.com\/en\/wp-json\/wp\/v2\/comments?post=21"}],"version-history":[{"count":53,"href":"https:\/\/www.jloisbocos.com\/en\/wp-json\/wp\/v2\/pages\/21\/revisions"}],"predecessor-version":[{"id":2863,"href":"https:\/\/www.jloisbocos.com\/en\/wp-json\/wp\/v2\/pages\/21\/revisions\/2863"}],"up":[{"embeddable":true,"href":"https:\/\/www.jloisbocos.com\/en\/wp-json\/wp\/v2\/pages\/11"}],"wp:attachment":[{"href":"https:\/\/www.jloisbocos.com\/en\/wp-json\/wp\/v2\/media?parent=21"}],"curies":[{"name":"wp","href":"https:\/\/api.w.org\/{rel}","templated":true}]}}