{"id":1296,"date":"2023-08-22T13:56:47","date_gmt":"2023-08-22T13:56:47","guid":{"rendered":"https:\/\/www.jloisbocos.com\/?post_type=project&#038;p=1296"},"modified":"2025-02-01T10:37:21","modified_gmt":"2025-02-01T10:37:21","slug":"ciclo-de-conciertos-de-organo-villa-de-tordesillas","status":"publish","type":"project","link":"https:\/\/www.jloisbocos.com\/en\/portefolio\/ciclo-de-conciertos-de-organo-villa-de-tordesillas\/","title":{"rendered":"Ciclo de conciertos de \u00f3rgano Villa de Tordesillas"},"content":{"rendered":"\n<h2 class=\"wp-block-heading\">Identidad visual<\/h2>\n\n\n<div class=\"wp-block-image\">\n<figure class=\"aligncenter size-medium\"><img loading=\"lazy\" decoding=\"async\" width=\"500\" height=\"281\" src=\"https:\/\/www.jloisbocos.com\/wp-content\/uploads\/2023\/08\/identidad-ciclo-organo-tordesillas-500x281.jpg\" alt=\"\" class=\"wp-image-1301\" srcset=\"https:\/\/www.jloisbocos.com\/wp-content\/uploads\/2023\/08\/identidad-ciclo-organo-tordesillas-500x281.jpg 500w, https:\/\/www.jloisbocos.com\/wp-content\/uploads\/2023\/08\/identidad-ciclo-organo-tordesillas-1024x576.jpg 1024w, https:\/\/www.jloisbocos.com\/wp-content\/uploads\/2023\/08\/identidad-ciclo-organo-tordesillas-768x432.jpg 768w, https:\/\/www.jloisbocos.com\/wp-content\/uploads\/2023\/08\/identidad-ciclo-organo-tordesillas-800x450.jpg 800w, https:\/\/www.jloisbocos.com\/wp-content\/uploads\/2023\/08\/identidad-ciclo-organo-tordesillas.jpg 1200w\" sizes=\"auto, (max-width: 500px) 100vw, 500px\" \/><\/figure>\n<\/div>\n\n\n<div class=\"wp-block-columns is-layout-flex wp-container-core-columns-is-layout-9d6595d7 wp-block-columns-is-layout-flex\">\n<div class=\"wp-block-column is-layout-flow wp-block-column-is-layout-flow\"><\/div>\n\n\n\n<div class=\"wp-block-column is-layout-flow wp-block-column-is-layout-flow\" style=\"flex-basis:50%\">\n<p>Colaboraci\u00f3n con la asociaci\u00f3n &#8220;El Realejo&#8221; para el desarrollo de la comunicaci\u00f3n visual del ciclo de conciertos de \u00f3rgano que se celebra todos los a\u00f1os en Tordesillas en la temporada de verano. <\/p>\n\n\n\n<p>La comunicaci\u00f3n tiene como objetivo promover el ciclo de conciertos para recibir el mayor numero de visitas posibles. Esta comunicaci\u00f3n es realizada en su gran mayoria por medios online y redes sociales, no obstante tambi\u00e9n se imprimen programas, carteles o banner para mostrar en diferentes puntos de la villa, as\u00ed como en otros puntos estrat\u00e9gicos donde esta actividad pueda resultar de inter\u00e9s.<\/p>\n<\/div>\n\n\n\n<div class=\"wp-block-column is-layout-flow wp-block-column-is-layout-flow\"><\/div>\n<\/div>\n\n\n\n<div class=\"wp-block-columns is-layout-flex wp-container-core-columns-is-layout-9d6595d7 wp-block-columns-is-layout-flex\">\n<div class=\"wp-block-column is-layout-flow wp-block-column-is-layout-flow\">\n<figure class=\"wp-block-image size-large\"><img loading=\"lazy\" decoding=\"async\" width=\"1024\" height=\"552\" src=\"https:\/\/www.jloisbocos.com\/wp-content\/uploads\/2023\/08\/ciclo-organo-tordesillas-2022-b-1024x552.jpg\" alt=\"\" class=\"wp-image-1317\" style=\"aspect-ratio:4\/3;object-fit:cover\" srcset=\"https:\/\/www.jloisbocos.com\/wp-content\/uploads\/2023\/08\/ciclo-organo-tordesillas-2022-b-1024x552.jpg 1024w, https:\/\/www.jloisbocos.com\/wp-content\/uploads\/2023\/08\/ciclo-organo-tordesillas-2022-b-500x270.jpg 500w, https:\/\/www.jloisbocos.com\/wp-content\/uploads\/2023\/08\/ciclo-organo-tordesillas-2022-b-768x414.jpg 768w, https:\/\/www.jloisbocos.com\/wp-content\/uploads\/2023\/08\/ciclo-organo-tordesillas-2022-b-1536x828.jpg 1536w, https:\/\/www.jloisbocos.com\/wp-content\/uploads\/2023\/08\/ciclo-organo-tordesillas-2022-b-800x432.jpg 800w, https:\/\/www.jloisbocos.com\/wp-content\/uploads\/2023\/08\/ciclo-organo-tordesillas-2022-b-1280x690.jpg 1280w, https:\/\/www.jloisbocos.com\/wp-content\/uploads\/2023\/08\/ciclo-organo-tordesillas-2022-b.jpg 1600w\" sizes=\"auto, (max-width: 1024px) 100vw, 1024px\" \/><\/figure>\n<\/div>\n\n\n\n<div class=\"wp-block-column is-layout-flow wp-block-column-is-layout-flow\">\n<figure class=\"wp-block-image size-large\"><img loading=\"lazy\" decoding=\"async\" width=\"1024\" height=\"552\" src=\"https:\/\/www.jloisbocos.com\/wp-content\/uploads\/2023\/08\/ciclo-organo-tordesillas-2022-1024x552.jpg\" alt=\"\" class=\"wp-image-1321\" style=\"aspect-ratio:4\/3;object-fit:cover\" srcset=\"https:\/\/www.jloisbocos.com\/wp-content\/uploads\/2023\/08\/ciclo-organo-tordesillas-2022-1024x552.jpg 1024w, https:\/\/www.jloisbocos.com\/wp-content\/uploads\/2023\/08\/ciclo-organo-tordesillas-2022-500x270.jpg 500w, https:\/\/www.jloisbocos.com\/wp-content\/uploads\/2023\/08\/ciclo-organo-tordesillas-2022-768x414.jpg 768w, https:\/\/www.jloisbocos.com\/wp-content\/uploads\/2023\/08\/ciclo-organo-tordesillas-2022-1536x828.jpg 1536w, https:\/\/www.jloisbocos.com\/wp-content\/uploads\/2023\/08\/ciclo-organo-tordesillas-2022-800x432.jpg 800w, https:\/\/www.jloisbocos.com\/wp-content\/uploads\/2023\/08\/ciclo-organo-tordesillas-2022-1280x690.jpg 1280w, https:\/\/www.jloisbocos.com\/wp-content\/uploads\/2023\/08\/ciclo-organo-tordesillas-2022.jpg 1600w\" sizes=\"auto, (max-width: 1024px) 100vw, 1024px\" \/><\/figure>\n<\/div>\n<\/div>\n\n\n\n<hr class=\"wp-block-separator has-alpha-channel-opacity\"\/>\n\n\n\n<figure class=\"wp-block-image size-large\"><img loading=\"lazy\" decoding=\"async\" width=\"1024\" height=\"384\" src=\"https:\/\/www.jloisbocos.com\/wp-content\/uploads\/2023\/08\/web-ciclo-conciertos-1-1024x384.jpg\" alt=\"\" class=\"wp-image-2716\" srcset=\"https:\/\/www.jloisbocos.com\/wp-content\/uploads\/2023\/08\/web-ciclo-conciertos-1-1024x384.jpg 1024w, https:\/\/www.jloisbocos.com\/wp-content\/uploads\/2023\/08\/web-ciclo-conciertos-1-500x188.jpg 500w, https:\/\/www.jloisbocos.com\/wp-content\/uploads\/2023\/08\/web-ciclo-conciertos-1-768x288.jpg 768w, https:\/\/www.jloisbocos.com\/wp-content\/uploads\/2023\/08\/web-ciclo-conciertos-1-800x300.jpg 800w, https:\/\/www.jloisbocos.com\/wp-content\/uploads\/2023\/08\/web-ciclo-conciertos-1-1280x480.jpg 1280w, https:\/\/www.jloisbocos.com\/wp-content\/uploads\/2023\/08\/web-ciclo-conciertos-1.jpg 1500w\" sizes=\"auto, (max-width: 1024px) 100vw, 1024px\" \/><\/figure>\n\n\n\n<hr class=\"wp-block-separator has-alpha-channel-opacity\"\/>\n\n\n\n<h2 class=\"wp-block-heading\">Programas<\/h2>\n\n\n\n<div class=\"wp-block-columns is-layout-flex wp-container-core-columns-is-layout-9d6595d7 wp-block-columns-is-layout-flex\">\n<div class=\"wp-block-column is-layout-flow wp-block-column-is-layout-flow\"><\/div>\n\n\n\n<div class=\"wp-block-column is-layout-flow wp-block-column-is-layout-flow\"><\/div>\n<\/div>\n\n\n\n<div class=\"wp-block-jetpack-tiled-gallery aligncenter is-style-rectangular\"><div class=\"\"><div class=\"tiled-gallery__gallery\"><div class=\"tiled-gallery__row\"><div class=\"tiled-gallery__col\" style=\"flex-basis:54.72158%\"><figure class=\"tiled-gallery__item\"><img decoding=\"async\" srcset=\"https:\/\/i0.wp.com\/www.jloisbocos.com\/wp-content\/uploads\/2023\/02\/MG_2943_1-875x1024.jpg?strip=info&#038;w=600&#038;ssl=1 600w,https:\/\/i0.wp.com\/www.jloisbocos.com\/wp-content\/uploads\/2023\/02\/MG_2943_1-875x1024.jpg?strip=info&#038;w=900&#038;ssl=1 900w,https:\/\/i0.wp.com\/www.jloisbocos.com\/wp-content\/uploads\/2023\/02\/MG_2943_1-875x1024.jpg?strip=info&#038;w=1025&#038;ssl=1 1025w\" alt=\"\" data-height=\"1200\" data-id=\"493\" data-link=\"https:\/\/www.jloisbocos.com\/diseno\/mg_2943_1\/\" data-url=\"https:\/\/www.jloisbocos.com\/wp-content\/uploads\/2023\/02\/MG_2943_1-875x1024.jpg\" data-width=\"1025\" src=\"https:\/\/i0.wp.com\/www.jloisbocos.com\/wp-content\/uploads\/2023\/02\/MG_2943_1-875x1024.jpg?ssl=1\" data-amp-layout=\"responsive\" tabindex=\"0\" role=\"button\" aria-label=\"Abrir la imagen 1 de 3 en pantalla completa\"\/><\/figure><\/div><div class=\"tiled-gallery__col\" style=\"flex-basis:45.27842%\"><figure class=\"tiled-gallery__item\"><img decoding=\"async\" srcset=\"https:\/\/i0.wp.com\/www.jloisbocos.com\/wp-content\/uploads\/2023\/08\/ciclo-organo-tordesillas-programas-1024x672.jpg?strip=info&#038;w=600&#038;ssl=1 600w,https:\/\/i0.wp.com\/www.jloisbocos.com\/wp-content\/uploads\/2023\/08\/ciclo-organo-tordesillas-programas-1024x672.jpg?strip=info&#038;w=900&#038;ssl=1 900w,https:\/\/i0.wp.com\/www.jloisbocos.com\/wp-content\/uploads\/2023\/08\/ciclo-organo-tordesillas-programas-1024x672.jpg?strip=info&#038;w=1200&#038;ssl=1 1200w\" alt=\"\" data-height=\"787\" data-id=\"1299\" data-link=\"https:\/\/www.jloisbocos.com\/?attachment_id=1299\" data-url=\"https:\/\/www.jloisbocos.com\/wp-content\/uploads\/2023\/08\/ciclo-organo-tordesillas-programas-1024x672.jpg\" data-width=\"1200\" src=\"https:\/\/i0.wp.com\/www.jloisbocos.com\/wp-content\/uploads\/2023\/08\/ciclo-organo-tordesillas-programas-1024x672.jpg?ssl=1\" data-amp-layout=\"responsive\" tabindex=\"0\" role=\"button\" aria-label=\"Abrir la imagen 2 de 3 en pantalla completa\"\/><\/figure><figure class=\"tiled-gallery__item\"><img decoding=\"async\" srcset=\"https:\/\/i0.wp.com\/www.jloisbocos.com\/wp-content\/uploads\/2023\/08\/jloisbocos_trabajos__0012_p.jpg?strip=info&#038;w=600&#038;ssl=1 600w,https:\/\/i0.wp.com\/www.jloisbocos.com\/wp-content\/uploads\/2023\/08\/jloisbocos_trabajos__0012_p.jpg?strip=info&#038;w=900&#038;ssl=1 900w\" alt=\"\" data-height=\"675\" data-id=\"1298\" data-link=\"https:\/\/www.jloisbocos.com\/?attachment_id=1298\" data-url=\"https:\/\/www.jloisbocos.com\/wp-content\/uploads\/2023\/08\/jloisbocos_trabajos__0012_p.jpg\" data-width=\"900\" src=\"https:\/\/i0.wp.com\/www.jloisbocos.com\/wp-content\/uploads\/2023\/08\/jloisbocos_trabajos__0012_p.jpg?ssl=1\" data-amp-layout=\"responsive\" tabindex=\"0\" role=\"button\" aria-label=\"Abrir la imagen 3 de 3 en pantalla completa\"\/><\/figure><\/div><\/div><\/div><\/div><\/div>\n\n\n\n<hr class=\"wp-block-separator has-alpha-channel-opacity\"\/>\n\n\n\n<h2 class=\"wp-block-heading\">Carteles<\/h2>\n\n\n\n<div class=\"wp-block-jetpack-tiled-gallery is-style-rectangular\"><div class=\"\"><div class=\"tiled-gallery__gallery\"><div class=\"tiled-gallery__row\"><div class=\"tiled-gallery__col\" style=\"flex-basis:34.03711%\"><figure class=\"tiled-gallery__item\"><a href=\"https:\/\/www.jloisbocos.com\/wp-content\/uploads\/2023\/08\/cartel-2024-grande-728x1024.jpg\"><img decoding=\"async\" srcset=\"https:\/\/i0.wp.com\/www.jloisbocos.com\/wp-content\/uploads\/2023\/08\/cartel-2024-grande-728x1024.jpg?strip=info&#038;w=600&#038;ssl=1 600w,https:\/\/i0.wp.com\/www.jloisbocos.com\/wp-content\/uploads\/2023\/08\/cartel-2024-grande-728x1024.jpg?strip=info&#038;w=900&#038;ssl=1 900w,https:\/\/i0.wp.com\/www.jloisbocos.com\/wp-content\/uploads\/2023\/08\/cartel-2024-grande-728x1024.jpg?strip=info&#038;w=1200&#038;ssl=1 1200w\" alt=\"\" data-height=\"1687\" data-id=\"2518\" data-link=\"https:\/\/www.jloisbocos.com\/portefolio\/ciclo-de-conciertos-de-organo-villa-de-tordesillas\/cartel-2024-grande\/\" data-url=\"https:\/\/www.jloisbocos.com\/wp-content\/uploads\/2023\/08\/cartel-2024-grande-728x1024.jpg\" data-width=\"1200\" src=\"https:\/\/i0.wp.com\/www.jloisbocos.com\/wp-content\/uploads\/2023\/08\/cartel-2024-grande-728x1024.jpg?ssl=1\" data-amp-layout=\"responsive\" tabindex=\"0\" role=\"button\" aria-label=\"Abrir la imagen 1 de 5 en pantalla completa\"\/><\/a><\/figure><\/div><div class=\"tiled-gallery__col\" style=\"flex-basis:34.05725%\"><figure class=\"tiled-gallery__item\"><a href=\"https:\/\/www.jloisbocos.com\/wp-content\/uploads\/2023\/08\/cartel-XIII-Ciclo-Organo-Tordesillas-2023-729x1024.jpg\"><img decoding=\"async\" srcset=\"https:\/\/i0.wp.com\/www.jloisbocos.com\/wp-content\/uploads\/2023\/08\/cartel-XIII-Ciclo-Organo-Tordesillas-2023-729x1024.jpg?strip=info&#038;w=600&#038;ssl=1 600w,https:\/\/i0.wp.com\/www.jloisbocos.com\/wp-content\/uploads\/2023\/08\/cartel-XIII-Ciclo-Organo-Tordesillas-2023-729x1024.jpg?strip=info&#038;w=900&#038;ssl=1 900w,https:\/\/i0.wp.com\/www.jloisbocos.com\/wp-content\/uploads\/2023\/08\/cartel-XIII-Ciclo-Organo-Tordesillas-2023-729x1024.jpg?strip=info&#038;w=1000&#038;ssl=1 1000w\" alt=\"\" data-height=\"1405\" data-id=\"1310\" data-link=\"https:\/\/www.jloisbocos.com\/portefolio\/ciclo-de-conciertos-de-organo-villa-de-tordesillas\/cartel-xiii-ciclo-organo-tordesillas-2023\/\" data-url=\"https:\/\/www.jloisbocos.com\/wp-content\/uploads\/2023\/08\/cartel-XIII-Ciclo-Organo-Tordesillas-2023-729x1024.jpg\" data-width=\"1000\" src=\"https:\/\/i0.wp.com\/www.jloisbocos.com\/wp-content\/uploads\/2023\/08\/cartel-XIII-Ciclo-Organo-Tordesillas-2023-729x1024.jpg?ssl=1\" data-amp-layout=\"responsive\" tabindex=\"0\" role=\"button\" aria-label=\"Abrir la imagen 2 de 5 en pantalla completa\"\/><\/a><\/figure><\/div><div class=\"tiled-gallery__col\" style=\"flex-basis:31.90564%\"><figure class=\"tiled-gallery__item\"><a href=\"https:\/\/www.jloisbocos.com\/wp-content\/uploads\/2023\/08\/cartel-XIII-Ciclo-Organo-Tordesillas-2020-683x1024.jpg\"><img decoding=\"async\" srcset=\"https:\/\/i0.wp.com\/www.jloisbocos.com\/wp-content\/uploads\/2023\/08\/cartel-XIII-Ciclo-Organo-Tordesillas-2020-683x1024.jpg?strip=info&#038;w=600&#038;ssl=1 600w,https:\/\/i0.wp.com\/www.jloisbocos.com\/wp-content\/uploads\/2023\/08\/cartel-XIII-Ciclo-Organo-Tordesillas-2020-683x1024.jpg?strip=info&#038;w=900&#038;ssl=1 900w,https:\/\/i0.wp.com\/www.jloisbocos.com\/wp-content\/uploads\/2023\/08\/cartel-XIII-Ciclo-Organo-Tordesillas-2020-683x1024.jpg?strip=info&#038;w=1000&#038;ssl=1 1000w\" alt=\"\" data-height=\"1500\" data-id=\"1309\" data-link=\"https:\/\/www.jloisbocos.com\/portefolio\/ciclo-de-conciertos-de-organo-villa-de-tordesillas\/cartel-xiii-ciclo-organo-tordesillas-2020\/\" data-url=\"https:\/\/www.jloisbocos.com\/wp-content\/uploads\/2023\/08\/cartel-XIII-Ciclo-Organo-Tordesillas-2020-683x1024.jpg\" data-width=\"1000\" src=\"https:\/\/i0.wp.com\/www.jloisbocos.com\/wp-content\/uploads\/2023\/08\/cartel-XIII-Ciclo-Organo-Tordesillas-2020-683x1024.jpg?ssl=1\" data-amp-layout=\"responsive\" tabindex=\"0\" role=\"button\" aria-label=\"Abrir la imagen 3 de 5 en pantalla completa\"\/><\/a><\/figure><\/div><\/div><div class=\"tiled-gallery__row\"><div class=\"tiled-gallery__col\" style=\"flex-basis:78.94949%\"><figure class=\"tiled-gallery__item\"><a href=\"https:\/\/www.jloisbocos.com\/wp-content\/uploads\/2023\/08\/cartel-Ciclo-Organo-Tordesillas-2022-1024x548.jpg\"><img decoding=\"async\" srcset=\"https:\/\/i0.wp.com\/www.jloisbocos.com\/wp-content\/uploads\/2023\/08\/cartel-Ciclo-Organo-Tordesillas-2022-1024x548.jpg?strip=info&#038;w=600&#038;ssl=1 600w,https:\/\/i0.wp.com\/www.jloisbocos.com\/wp-content\/uploads\/2023\/08\/cartel-Ciclo-Organo-Tordesillas-2022-1024x548.jpg?strip=info&#038;w=900&#038;ssl=1 900w,https:\/\/i0.wp.com\/www.jloisbocos.com\/wp-content\/uploads\/2023\/08\/cartel-Ciclo-Organo-Tordesillas-2022-1024x548.jpg?strip=info&#038;w=1200&#038;ssl=1 1200w,https:\/\/i0.wp.com\/www.jloisbocos.com\/wp-content\/uploads\/2023\/08\/cartel-Ciclo-Organo-Tordesillas-2022-1024x548.jpg?strip=info&#038;w=1300&#038;ssl=1 1300w\" alt=\"\" data-height=\"696\" data-id=\"1311\" data-link=\"https:\/\/www.jloisbocos.com\/portefolio\/ciclo-de-conciertos-de-organo-villa-de-tordesillas\/cartel-ciclo-organo-tordesillas-2022\/\" data-url=\"https:\/\/www.jloisbocos.com\/wp-content\/uploads\/2023\/08\/cartel-Ciclo-Organo-Tordesillas-2022-1024x548.jpg\" data-width=\"1300\" src=\"https:\/\/i0.wp.com\/www.jloisbocos.com\/wp-content\/uploads\/2023\/08\/cartel-Ciclo-Organo-Tordesillas-2022-1024x548.jpg?ssl=1\" data-amp-layout=\"responsive\" tabindex=\"0\" role=\"button\" aria-label=\"Abrir la imagen 4 de 5 en pantalla completa\"\/><\/a><\/figure><\/div><div class=\"tiled-gallery__col\" style=\"flex-basis:21.05051%\"><figure class=\"tiled-gallery__item\"><a href=\"https:\/\/www.jloisbocos.com\/wp-content\/uploads\/2023\/08\/cartel-XIII-Ciclo-Organo-Tordesillas-2019-507x1024.jpg\"><img decoding=\"async\" srcset=\"https:\/\/i0.wp.com\/www.jloisbocos.com\/wp-content\/uploads\/2023\/08\/cartel-XIII-Ciclo-Organo-Tordesillas-2019-507x1024.jpg?strip=info&#038;w=600&#038;ssl=1 600w,https:\/\/i0.wp.com\/www.jloisbocos.com\/wp-content\/uploads\/2023\/08\/cartel-XIII-Ciclo-Organo-Tordesillas-2019-507x1024.jpg?strip=info&#038;w=900&#038;ssl=1 900w,https:\/\/i0.wp.com\/www.jloisbocos.com\/wp-content\/uploads\/2023\/08\/cartel-XIII-Ciclo-Organo-Tordesillas-2019-507x1024.jpg?strip=info&#038;w=1000&#038;ssl=1 1000w\" alt=\"\" data-height=\"2018\" data-id=\"1312\" data-link=\"https:\/\/www.jloisbocos.com\/portefolio\/ciclo-de-conciertos-de-organo-villa-de-tordesillas\/cartel-xiii-ciclo-organo-tordesillas-2019\/\" data-url=\"https:\/\/www.jloisbocos.com\/wp-content\/uploads\/2023\/08\/cartel-XIII-Ciclo-Organo-Tordesillas-2019-507x1024.jpg\" data-width=\"1000\" src=\"https:\/\/i0.wp.com\/www.jloisbocos.com\/wp-content\/uploads\/2023\/08\/cartel-XIII-Ciclo-Organo-Tordesillas-2019-507x1024.jpg?ssl=1\" data-amp-layout=\"responsive\" tabindex=\"0\" role=\"button\" aria-label=\"Abrir la imagen 5 de 5 en pantalla completa\"\/><\/a><\/figure><\/div><\/div><\/div><\/div><\/div>\n\n\n\n<div class=\"wp-block-group\"><div class=\"wp-block-group__inner-container is-layout-constrained wp-block-group-is-layout-constrained\"><\/div><\/div>\n\n\n\n<hr class=\"wp-block-separator has-alpha-channel-opacity\"\/>\n\n\n\n<h2 class=\"wp-block-heading\">RSS y difusi\u00f3n online<\/h2>\n\n\n\n<h3 class=\"wp-block-heading\">2024<\/h3>\n\n\n\n<div class=\"wp-block-jetpack-tiled-gallery aligncenter is-style-rectangular\"><div class=\"\"><div class=\"tiled-gallery__gallery\"><div class=\"tiled-gallery__row\"><div class=\"tiled-gallery__col\" style=\"flex-basis:100.00000%\"><figure class=\"tiled-gallery__item\"><a href=\"https:\/\/www.jloisbocos.com\/wp-content\/uploads\/2023\/08\/Portada-1024x344.jpg\"><img decoding=\"async\" srcset=\"https:\/\/i0.wp.com\/www.jloisbocos.com\/wp-content\/uploads\/2023\/08\/Portada-1024x344.jpg?strip=info&#038;w=600&#038;ssl=1 600w,https:\/\/i0.wp.com\/www.jloisbocos.com\/wp-content\/uploads\/2023\/08\/Portada-1024x344.jpg?strip=info&#038;w=900&#038;ssl=1 900w,https:\/\/i0.wp.com\/www.jloisbocos.com\/wp-content\/uploads\/2023\/08\/Portada-1024x344.jpg?strip=info&#038;w=1200&#038;ssl=1 1200w,https:\/\/i0.wp.com\/www.jloisbocos.com\/wp-content\/uploads\/2023\/08\/Portada-1024x344.jpg?strip=info&#038;w=1500&#038;ssl=1 1500w,https:\/\/i0.wp.com\/www.jloisbocos.com\/wp-content\/uploads\/2023\/08\/Portada-1024x344.jpg?strip=info&#038;w=1600&#038;ssl=1 1600w\" alt=\"\" data-height=\"537\" data-id=\"2487\" data-link=\"https:\/\/www.jloisbocos.com\/portefolio\/ciclo-de-conciertos-de-organo-villa-de-tordesillas\/portada\/\" data-url=\"https:\/\/www.jloisbocos.com\/wp-content\/uploads\/2023\/08\/Portada-1024x344.jpg\" data-width=\"1600\" src=\"https:\/\/i0.wp.com\/www.jloisbocos.com\/wp-content\/uploads\/2023\/08\/Portada-1024x344.jpg?ssl=1\" data-amp-layout=\"responsive\" tabindex=\"0\" role=\"button\" aria-label=\"Abrir la imagen 1 de 4 en pantalla completa\"\/><\/a><\/figure><\/div><\/div><div class=\"tiled-gallery__row\"><div class=\"tiled-gallery__col\" style=\"flex-basis:33.33333%\"><figure class=\"tiled-gallery__item\"><a href=\"https:\/\/www.jloisbocos.com\/wp-content\/uploads\/2023\/08\/concierto-Benoit-Mernier-ciclo-organo-Tordesillas-1024x536.jpg\"><img decoding=\"async\" srcset=\"https:\/\/i0.wp.com\/www.jloisbocos.com\/wp-content\/uploads\/2023\/08\/concierto-Benoit-Mernier-ciclo-organo-Tordesillas-1024x536.jpg?strip=info&#038;w=600&#038;ssl=1 600w,https:\/\/i0.wp.com\/www.jloisbocos.com\/wp-content\/uploads\/2023\/08\/concierto-Benoit-Mernier-ciclo-organo-Tordesillas-1024x536.jpg?strip=info&#038;w=900&#038;ssl=1 900w,https:\/\/i0.wp.com\/www.jloisbocos.com\/wp-content\/uploads\/2023\/08\/concierto-Benoit-Mernier-ciclo-organo-Tordesillas-1024x536.jpg?strip=info&#038;w=1200&#038;ssl=1 1200w,https:\/\/i0.wp.com\/www.jloisbocos.com\/wp-content\/uploads\/2023\/08\/concierto-Benoit-Mernier-ciclo-organo-Tordesillas-1024x536.jpg?strip=info&#038;w=1500&#038;ssl=1 1500w,https:\/\/i0.wp.com\/www.jloisbocos.com\/wp-content\/uploads\/2023\/08\/concierto-Benoit-Mernier-ciclo-organo-Tordesillas-1024x536.jpg?strip=info&#038;w=1600&#038;ssl=1 1600w\" alt=\"\" data-height=\"837\" data-id=\"2478\" data-link=\"https:\/\/www.jloisbocos.com\/portefolio\/ciclo-de-conciertos-de-organo-villa-de-tordesillas\/concierto-benoit-mernier-ciclo-organo-tordesillas\/\" data-url=\"https:\/\/www.jloisbocos.com\/wp-content\/uploads\/2023\/08\/concierto-Benoit-Mernier-ciclo-organo-Tordesillas-1024x536.jpg\" data-width=\"1600\" src=\"https:\/\/i0.wp.com\/www.jloisbocos.com\/wp-content\/uploads\/2023\/08\/concierto-Benoit-Mernier-ciclo-organo-Tordesillas-1024x536.jpg?ssl=1\" data-amp-layout=\"responsive\" tabindex=\"0\" role=\"button\" aria-label=\"Abrir la imagen 2 de 4 en pantalla completa\"\/><\/a><\/figure><\/div><div class=\"tiled-gallery__col\" style=\"flex-basis:33.33333%\"><figure class=\"tiled-gallery__item\"><a href=\"https:\/\/www.jloisbocos.com\/wp-content\/uploads\/2023\/08\/concierto-Gerhard-Gnann-ciclo-organo-Tordesillas2-1024x536.jpg\"><img decoding=\"async\" srcset=\"https:\/\/i0.wp.com\/www.jloisbocos.com\/wp-content\/uploads\/2023\/08\/concierto-Gerhard-Gnann-ciclo-organo-Tordesillas2-1024x536.jpg?strip=info&#038;w=600&#038;ssl=1 600w,https:\/\/i0.wp.com\/www.jloisbocos.com\/wp-content\/uploads\/2023\/08\/concierto-Gerhard-Gnann-ciclo-organo-Tordesillas2-1024x536.jpg?strip=info&#038;w=900&#038;ssl=1 900w,https:\/\/i0.wp.com\/www.jloisbocos.com\/wp-content\/uploads\/2023\/08\/concierto-Gerhard-Gnann-ciclo-organo-Tordesillas2-1024x536.jpg?strip=info&#038;w=1200&#038;ssl=1 1200w,https:\/\/i0.wp.com\/www.jloisbocos.com\/wp-content\/uploads\/2023\/08\/concierto-Gerhard-Gnann-ciclo-organo-Tordesillas2-1024x536.jpg?strip=info&#038;w=1500&#038;ssl=1 1500w,https:\/\/i0.wp.com\/www.jloisbocos.com\/wp-content\/uploads\/2023\/08\/concierto-Gerhard-Gnann-ciclo-organo-Tordesillas2-1024x536.jpg?strip=info&#038;w=1600&#038;ssl=1 1600w\" alt=\"\" data-height=\"837\" data-id=\"2481\" data-link=\"https:\/\/www.jloisbocos.com\/portefolio\/ciclo-de-conciertos-de-organo-villa-de-tordesillas\/concierto-gerhard-gnann-ciclo-organo-tordesillas2\/\" data-url=\"https:\/\/www.jloisbocos.com\/wp-content\/uploads\/2023\/08\/concierto-Gerhard-Gnann-ciclo-organo-Tordesillas2-1024x536.jpg\" data-width=\"1600\" src=\"https:\/\/i0.wp.com\/www.jloisbocos.com\/wp-content\/uploads\/2023\/08\/concierto-Gerhard-Gnann-ciclo-organo-Tordesillas2-1024x536.jpg?ssl=1\" data-amp-layout=\"responsive\" tabindex=\"0\" role=\"button\" aria-label=\"Abrir la imagen 3 de 4 en pantalla completa\"\/><\/a><\/figure><\/div><div class=\"tiled-gallery__col\" style=\"flex-basis:33.33333%\"><figure class=\"tiled-gallery__item\"><a href=\"https:\/\/www.jloisbocos.com\/wp-content\/uploads\/2023\/08\/concierto-Mineko-Kojima-ciclo-organo-Tordesillas4-1024x536.jpg\"><img decoding=\"async\" srcset=\"https:\/\/i0.wp.com\/www.jloisbocos.com\/wp-content\/uploads\/2023\/08\/concierto-Mineko-Kojima-ciclo-organo-Tordesillas4-1024x536.jpg?strip=info&#038;w=600&#038;ssl=1 600w,https:\/\/i0.wp.com\/www.jloisbocos.com\/wp-content\/uploads\/2023\/08\/concierto-Mineko-Kojima-ciclo-organo-Tordesillas4-1024x536.jpg?strip=info&#038;w=900&#038;ssl=1 900w,https:\/\/i0.wp.com\/www.jloisbocos.com\/wp-content\/uploads\/2023\/08\/concierto-Mineko-Kojima-ciclo-organo-Tordesillas4-1024x536.jpg?strip=info&#038;w=1200&#038;ssl=1 1200w,https:\/\/i0.wp.com\/www.jloisbocos.com\/wp-content\/uploads\/2023\/08\/concierto-Mineko-Kojima-ciclo-organo-Tordesillas4-1024x536.jpg?strip=info&#038;w=1500&#038;ssl=1 1500w,https:\/\/i0.wp.com\/www.jloisbocos.com\/wp-content\/uploads\/2023\/08\/concierto-Mineko-Kojima-ciclo-organo-Tordesillas4-1024x536.jpg?strip=info&#038;w=1600&#038;ssl=1 1600w\" alt=\"\" data-height=\"837\" data-id=\"2484\" data-link=\"https:\/\/www.jloisbocos.com\/portefolio\/ciclo-de-conciertos-de-organo-villa-de-tordesillas\/concierto-mineko-kojima-ciclo-organo-tordesillas4\/\" data-url=\"https:\/\/www.jloisbocos.com\/wp-content\/uploads\/2023\/08\/concierto-Mineko-Kojima-ciclo-organo-Tordesillas4-1024x536.jpg\" data-width=\"1600\" src=\"https:\/\/i0.wp.com\/www.jloisbocos.com\/wp-content\/uploads\/2023\/08\/concierto-Mineko-Kojima-ciclo-organo-Tordesillas4-1024x536.jpg?ssl=1\" data-amp-layout=\"responsive\" tabindex=\"0\" role=\"button\" aria-label=\"Abrir la imagen 4 de 4 en pantalla completa\"\/><\/a><\/figure><\/div><\/div><\/div><\/div><\/div>\n\n\n\n<h3 class=\"wp-block-heading\">2023<\/h3>\n\n\n\n<div class=\"wp-block-jetpack-tiled-gallery aligncenter is-style-rectangular\"><div class=\"\"><div class=\"tiled-gallery__gallery\"><div class=\"tiled-gallery__row\"><div class=\"tiled-gallery__col\" style=\"flex-basis:100.00000%\"><figure class=\"tiled-gallery__item\"><a href=\"https:\/\/www.jloisbocos.com\/wp-content\/uploads\/2023\/08\/XIII-ciclo-organo-Tordesillas-2023-p-1-1024x344.jpg\"><img decoding=\"async\" srcset=\"https:\/\/i0.wp.com\/www.jloisbocos.com\/wp-content\/uploads\/2023\/08\/XIII-ciclo-organo-Tordesillas-2023-p-1-1024x344.jpg?strip=info&#038;w=600&#038;ssl=1 600w,https:\/\/i0.wp.com\/www.jloisbocos.com\/wp-content\/uploads\/2023\/08\/XIII-ciclo-organo-Tordesillas-2023-p-1-1024x344.jpg?strip=info&#038;w=900&#038;ssl=1 900w,https:\/\/i0.wp.com\/www.jloisbocos.com\/wp-content\/uploads\/2023\/08\/XIII-ciclo-organo-Tordesillas-2023-p-1-1024x344.jpg?strip=info&#038;w=1200&#038;ssl=1 1200w,https:\/\/i0.wp.com\/www.jloisbocos.com\/wp-content\/uploads\/2023\/08\/XIII-ciclo-organo-Tordesillas-2023-p-1-1024x344.jpg?strip=info&#038;w=1400&#038;ssl=1 1400w\" alt=\"\" data-height=\"470\" data-id=\"2490\" data-link=\"https:\/\/www.jloisbocos.com\/portefolio\/ciclo-de-conciertos-de-organo-villa-de-tordesillas\/xiii-ciclo-organo-tordesillas-2023-p-1\/\" data-url=\"https:\/\/www.jloisbocos.com\/wp-content\/uploads\/2023\/08\/XIII-ciclo-organo-Tordesillas-2023-p-1-1024x344.jpg\" data-width=\"1400\" src=\"https:\/\/i0.wp.com\/www.jloisbocos.com\/wp-content\/uploads\/2023\/08\/XIII-ciclo-organo-Tordesillas-2023-p-1-1024x344.jpg?ssl=1\" data-amp-layout=\"responsive\" tabindex=\"0\" role=\"button\" aria-label=\"Abrir la imagen 1 de 4 en pantalla completa\"\/><\/a><\/figure><\/div><\/div><div class=\"tiled-gallery__row\"><div class=\"tiled-gallery__col\" style=\"flex-basis:33.33333%\"><figure class=\"tiled-gallery__item\"><a href=\"https:\/\/www.jloisbocos.com\/wp-content\/uploads\/2023\/08\/concierto-carlos-garcia-bernalt-tordesillas-1024x536.jpg\"><img decoding=\"async\" srcset=\"https:\/\/i0.wp.com\/www.jloisbocos.com\/wp-content\/uploads\/2023\/08\/concierto-carlos-garcia-bernalt-tordesillas-1024x536.jpg?strip=info&#038;w=600&#038;ssl=1 600w,https:\/\/i0.wp.com\/www.jloisbocos.com\/wp-content\/uploads\/2023\/08\/concierto-carlos-garcia-bernalt-tordesillas-1024x536.jpg?strip=info&#038;w=900&#038;ssl=1 900w,https:\/\/i0.wp.com\/www.jloisbocos.com\/wp-content\/uploads\/2023\/08\/concierto-carlos-garcia-bernalt-tordesillas-1024x536.jpg?strip=info&#038;w=1200&#038;ssl=1 1200w,https:\/\/i0.wp.com\/www.jloisbocos.com\/wp-content\/uploads\/2023\/08\/concierto-carlos-garcia-bernalt-tordesillas-1024x536.jpg?strip=info&#038;w=1400&#038;ssl=1 1400w\" alt=\"\" data-height=\"733\" data-id=\"2493\" data-link=\"https:\/\/www.jloisbocos.com\/portefolio\/ciclo-de-conciertos-de-organo-villa-de-tordesillas\/concierto-carlos-garcia-bernalt-tordesillas\/\" data-url=\"https:\/\/www.jloisbocos.com\/wp-content\/uploads\/2023\/08\/concierto-carlos-garcia-bernalt-tordesillas-1024x536.jpg\" data-width=\"1400\" src=\"https:\/\/i0.wp.com\/www.jloisbocos.com\/wp-content\/uploads\/2023\/08\/concierto-carlos-garcia-bernalt-tordesillas-1024x536.jpg?ssl=1\" data-amp-layout=\"responsive\" tabindex=\"0\" role=\"button\" aria-label=\"Abrir la imagen 2 de 4 en pantalla completa\"\/><\/a><\/figure><\/div><div class=\"tiled-gallery__col\" style=\"flex-basis:33.33333%\"><figure class=\"tiled-gallery__item\"><a href=\"https:\/\/www.jloisbocos.com\/wp-content\/uploads\/2023\/08\/concierto-maurizio-croci-tordesillas-1024x536.jpg\"><img decoding=\"async\" srcset=\"https:\/\/i0.wp.com\/www.jloisbocos.com\/wp-content\/uploads\/2023\/08\/concierto-maurizio-croci-tordesillas-1024x536.jpg?strip=info&#038;w=600&#038;ssl=1 600w,https:\/\/i0.wp.com\/www.jloisbocos.com\/wp-content\/uploads\/2023\/08\/concierto-maurizio-croci-tordesillas-1024x536.jpg?strip=info&#038;w=900&#038;ssl=1 900w,https:\/\/i0.wp.com\/www.jloisbocos.com\/wp-content\/uploads\/2023\/08\/concierto-maurizio-croci-tordesillas-1024x536.jpg?strip=info&#038;w=1200&#038;ssl=1 1200w,https:\/\/i0.wp.com\/www.jloisbocos.com\/wp-content\/uploads\/2023\/08\/concierto-maurizio-croci-tordesillas-1024x536.jpg?strip=info&#038;w=1400&#038;ssl=1 1400w\" alt=\"\" data-height=\"733\" data-id=\"2499\" data-link=\"https:\/\/www.jloisbocos.com\/portefolio\/ciclo-de-conciertos-de-organo-villa-de-tordesillas\/concierto-maurizio-croci-tordesillas\/\" data-url=\"https:\/\/www.jloisbocos.com\/wp-content\/uploads\/2023\/08\/concierto-maurizio-croci-tordesillas-1024x536.jpg\" data-width=\"1400\" src=\"https:\/\/i0.wp.com\/www.jloisbocos.com\/wp-content\/uploads\/2023\/08\/concierto-maurizio-croci-tordesillas-1024x536.jpg?ssl=1\" data-amp-layout=\"responsive\" tabindex=\"0\" role=\"button\" aria-label=\"Abrir la imagen 3 de 4 en pantalla completa\"\/><\/a><\/figure><\/div><div class=\"tiled-gallery__col\" style=\"flex-basis:33.33333%\"><figure class=\"tiled-gallery__item\"><a href=\"https:\/\/www.jloisbocos.com\/wp-content\/uploads\/2023\/08\/eventos-facebook-b6-1024x536.jpg\"><img decoding=\"async\" srcset=\"https:\/\/i0.wp.com\/www.jloisbocos.com\/wp-content\/uploads\/2023\/08\/eventos-facebook-b6-1024x536.jpg?strip=info&#038;w=600&#038;ssl=1 600w,https:\/\/i0.wp.com\/www.jloisbocos.com\/wp-content\/uploads\/2023\/08\/eventos-facebook-b6-1024x536.jpg?strip=info&#038;w=900&#038;ssl=1 900w,https:\/\/i0.wp.com\/www.jloisbocos.com\/wp-content\/uploads\/2023\/08\/eventos-facebook-b6-1024x536.jpg?strip=info&#038;w=1200&#038;ssl=1 1200w,https:\/\/i0.wp.com\/www.jloisbocos.com\/wp-content\/uploads\/2023\/08\/eventos-facebook-b6-1024x536.jpg?strip=info&#038;w=1400&#038;ssl=1 1400w\" alt=\"\" data-height=\"733\" data-id=\"2502\" data-link=\"https:\/\/www.jloisbocos.com\/portefolio\/ciclo-de-conciertos-de-organo-villa-de-tordesillas\/eventos-facebook-b6\/\" data-url=\"https:\/\/www.jloisbocos.com\/wp-content\/uploads\/2023\/08\/eventos-facebook-b6-1024x536.jpg\" data-width=\"1400\" src=\"https:\/\/i0.wp.com\/www.jloisbocos.com\/wp-content\/uploads\/2023\/08\/eventos-facebook-b6-1024x536.jpg?ssl=1\" data-amp-layout=\"responsive\" tabindex=\"0\" role=\"button\" aria-label=\"Abrir la imagen 4 de 4 en pantalla completa\"\/><\/a><\/figure><\/div><\/div><\/div><\/div><\/div>\n\n\n\n<h3 class=\"wp-block-heading\">2022<\/h3>\n\n\n\n<div class=\"wp-block-jetpack-tiled-gallery aligncenter is-style-rectangular\"><div class=\"\"><div class=\"tiled-gallery__gallery\"><div class=\"tiled-gallery__row\"><div class=\"tiled-gallery__col\" style=\"flex-basis:100.00000%\"><figure class=\"tiled-gallery__item\"><a href=\"https:\/\/www.jloisbocos.com\/wp-content\/uploads\/2023\/08\/facebook-programa-1024x378.jpg\"><img decoding=\"async\" srcset=\"https:\/\/i0.wp.com\/www.jloisbocos.com\/wp-content\/uploads\/2023\/08\/facebook-programa-1024x378.jpg?strip=info&#038;w=600&#038;ssl=1 600w,https:\/\/i0.wp.com\/www.jloisbocos.com\/wp-content\/uploads\/2023\/08\/facebook-programa-1024x378.jpg?strip=info&#038;w=900&#038;ssl=1 900w,https:\/\/i0.wp.com\/www.jloisbocos.com\/wp-content\/uploads\/2023\/08\/facebook-programa-1024x378.jpg?strip=info&#038;w=1200&#038;ssl=1 1200w,https:\/\/i0.wp.com\/www.jloisbocos.com\/wp-content\/uploads\/2023\/08\/facebook-programa-1024x378.jpg?strip=info&#038;w=1300&#038;ssl=1 1300w\" alt=\"\" data-height=\"480\" data-id=\"2505\" data-link=\"https:\/\/www.jloisbocos.com\/portefolio\/ciclo-de-conciertos-de-organo-villa-de-tordesillas\/facebook-programa\/\" data-url=\"https:\/\/www.jloisbocos.com\/wp-content\/uploads\/2023\/08\/facebook-programa-1024x378.jpg\" data-width=\"1300\" src=\"https:\/\/i0.wp.com\/www.jloisbocos.com\/wp-content\/uploads\/2023\/08\/facebook-programa-1024x378.jpg?ssl=1\" data-amp-layout=\"responsive\" tabindex=\"0\" role=\"button\" aria-label=\"Abrir la imagen 1 de 4 en pantalla completa\"\/><\/a><\/figure><\/div><\/div><div class=\"tiled-gallery__row\"><div class=\"tiled-gallery__col\" style=\"flex-basis:33.33333%\"><figure class=\"tiled-gallery__item\"><a href=\"https:\/\/www.jloisbocos.com\/wp-content\/uploads\/2023\/08\/Wolfgang-Zerer-concierto-19-agosto-1024x536.jpg\"><img decoding=\"async\" srcset=\"https:\/\/i0.wp.com\/www.jloisbocos.com\/wp-content\/uploads\/2023\/08\/Wolfgang-Zerer-concierto-19-agosto-1024x536.jpg?strip=info&#038;w=600&#038;ssl=1 600w,https:\/\/i0.wp.com\/www.jloisbocos.com\/wp-content\/uploads\/2023\/08\/Wolfgang-Zerer-concierto-19-agosto-1024x536.jpg?strip=info&#038;w=900&#038;ssl=1 900w,https:\/\/i0.wp.com\/www.jloisbocos.com\/wp-content\/uploads\/2023\/08\/Wolfgang-Zerer-concierto-19-agosto-1024x536.jpg?strip=info&#038;w=1200&#038;ssl=1 1200w\" alt=\"\" data-height=\"628\" data-id=\"2508\" data-link=\"https:\/\/www.jloisbocos.com\/portefolio\/ciclo-de-conciertos-de-organo-villa-de-tordesillas\/wolfgang-zerer-concierto-19-agosto\/\" data-url=\"https:\/\/www.jloisbocos.com\/wp-content\/uploads\/2023\/08\/Wolfgang-Zerer-concierto-19-agosto-1024x536.jpg\" data-width=\"1200\" src=\"https:\/\/i0.wp.com\/www.jloisbocos.com\/wp-content\/uploads\/2023\/08\/Wolfgang-Zerer-concierto-19-agosto-1024x536.jpg?ssl=1\" data-amp-layout=\"responsive\" tabindex=\"0\" role=\"button\" aria-label=\"Abrir la imagen 2 de 4 en pantalla completa\"\/><\/a><\/figure><\/div><div class=\"tiled-gallery__col\" style=\"flex-basis:33.33333%\"><figure class=\"tiled-gallery__item\"><a href=\"https:\/\/www.jloisbocos.com\/wp-content\/uploads\/2023\/08\/Wolfgang-Zerer-concierto-20-clausura-1024x536.jpg\"><img decoding=\"async\" srcset=\"https:\/\/i0.wp.com\/www.jloisbocos.com\/wp-content\/uploads\/2023\/08\/Wolfgang-Zerer-concierto-20-clausura-1024x536.jpg?strip=info&#038;w=600&#038;ssl=1 600w,https:\/\/i0.wp.com\/www.jloisbocos.com\/wp-content\/uploads\/2023\/08\/Wolfgang-Zerer-concierto-20-clausura-1024x536.jpg?strip=info&#038;w=900&#038;ssl=1 900w,https:\/\/i0.wp.com\/www.jloisbocos.com\/wp-content\/uploads\/2023\/08\/Wolfgang-Zerer-concierto-20-clausura-1024x536.jpg?strip=info&#038;w=1200&#038;ssl=1 1200w\" alt=\"\" data-height=\"628\" data-id=\"2511\" data-link=\"https:\/\/www.jloisbocos.com\/portefolio\/ciclo-de-conciertos-de-organo-villa-de-tordesillas\/wolfgang-zerer-concierto-20-clausura\/\" data-url=\"https:\/\/www.jloisbocos.com\/wp-content\/uploads\/2023\/08\/Wolfgang-Zerer-concierto-20-clausura-1024x536.jpg\" data-width=\"1200\" src=\"https:\/\/i0.wp.com\/www.jloisbocos.com\/wp-content\/uploads\/2023\/08\/Wolfgang-Zerer-concierto-20-clausura-1024x536.jpg?ssl=1\" data-amp-layout=\"responsive\" tabindex=\"0\" role=\"button\" aria-label=\"Abrir la imagen 3 de 4 en pantalla completa\"\/><\/a><\/figure><\/div><div class=\"tiled-gallery__col\" style=\"flex-basis:33.33333%\"><figure class=\"tiled-gallery__item\"><a href=\"https:\/\/www.jloisbocos.com\/wp-content\/uploads\/2023\/08\/aurore-baal-matine-6-agosto-1024x536.jpg\"><img decoding=\"async\" srcset=\"https:\/\/i0.wp.com\/www.jloisbocos.com\/wp-content\/uploads\/2023\/08\/aurore-baal-matine-6-agosto-1024x536.jpg?strip=info&#038;w=600&#038;ssl=1 600w,https:\/\/i0.wp.com\/www.jloisbocos.com\/wp-content\/uploads\/2023\/08\/aurore-baal-matine-6-agosto-1024x536.jpg?strip=info&#038;w=900&#038;ssl=1 900w,https:\/\/i0.wp.com\/www.jloisbocos.com\/wp-content\/uploads\/2023\/08\/aurore-baal-matine-6-agosto-1024x536.jpg?strip=info&#038;w=1200&#038;ssl=1 1200w\" alt=\"\" data-height=\"628\" data-id=\"2514\" data-link=\"https:\/\/www.jloisbocos.com\/portefolio\/ciclo-de-conciertos-de-organo-villa-de-tordesillas\/aurore-baal-matine-6-agosto\/\" data-url=\"https:\/\/www.jloisbocos.com\/wp-content\/uploads\/2023\/08\/aurore-baal-matine-6-agosto-1024x536.jpg\" data-width=\"1200\" src=\"https:\/\/i0.wp.com\/www.jloisbocos.com\/wp-content\/uploads\/2023\/08\/aurore-baal-matine-6-agosto-1024x536.jpg?ssl=1\" data-amp-layout=\"responsive\" tabindex=\"0\" role=\"button\" aria-label=\"Abrir la imagen 4 de 4 en pantalla completa\"\/><\/a><\/figure><\/div><\/div><\/div><\/div><\/div>\n\n\n\n<p>2021<\/p>\n","protected":false},"excerpt":{"rendered":"<p>Identidad visual Colaboraci\u00f3n con la asociaci\u00f3n &#8220;El Realejo&#8221; para el desarrollo de la comunicaci\u00f3n visual del ciclo de conciertos de \u00f3rgano que se celebra todos los a\u00f1os en Tordesillas en la temporada de verano. La comunicaci\u00f3n tiene como objetivo promover el ciclo de conciertos para recibir el mayor numero de visitas posibles. Esta comunicaci\u00f3n es [&hellip;]<\/p>\n","protected":false},"featured_media":1302,"menu_order":0,"template":"","meta":{"_acf_changed":false,"footnotes":""},"cat-portfolio":[18,19,26,30,31],"project-tag":[63,65,55,52,53],"class_list":["post-1296","project","type-project","status-publish","has-post-thumbnail","hentry","cat-portfolio-diseno-grafico","cat-portfolio-diseno-editorial","cat-portfolio-diseno-web","cat-portfolio-identidad","cat-portfolio-publicidad","project-tag-fotografia-de-eventos","project-tag-promocion-de-eventos","project-tag-publicidad","project-tag-reportaje-fotografico","project-tag-sitio-web"],"acf":[],"yoast_head":"<!-- This site is optimized with the Yoast SEO plugin v26.6 - https:\/\/yoast.com\/wordpress\/plugins\/seo\/ -->\n<title>Ciclo de conciertos de \u00f3rgano Villa de Tordesillas - Jloisbocos<\/title>\n<meta name=\"robots\" content=\"noindex, follow, max-snippet:-1, max-image-preview:large, max-video-preview:-1\" \/>\n<meta property=\"og:locale\" content=\"en_US\" \/>\n<meta property=\"og:type\" content=\"article\" \/>\n<meta property=\"og:title\" content=\"Ciclo de conciertos de \u00f3rgano Villa de Tordesillas - Jloisbocos\" \/>\n<meta property=\"og:description\" content=\"Identidad visual Colaboraci\u00f3n con la asociaci\u00f3n &#8220;El Realejo&#8221; para el desarrollo de la comunicaci\u00f3n visual del ciclo de conciertos de \u00f3rgano que se celebra todos los a\u00f1os en Tordesillas en la temporada de verano. La comunicaci\u00f3n tiene como objetivo promover el ciclo de conciertos para recibir el mayor numero de visitas posibles. Esta comunicaci\u00f3n es [&hellip;]\" \/>\n<meta property=\"og:url\" content=\"https:\/\/www.jloisbocos.com\/en\/portefolio\/ciclo-de-conciertos-de-organo-villa-de-tordesillas\/\" \/>\n<meta property=\"og:site_name\" content=\"Jloisbocos\" \/>\n<meta property=\"article:modified_time\" content=\"2025-02-01T10:37:21+00:00\" \/>\n<meta property=\"og:image\" content=\"https:\/\/www.jloisbocos.com\/wp-content\/uploads\/2023\/08\/identidad-ciclo-organo-tordesillas-logo-1.jpg\" \/>\n\t<meta property=\"og:image:width\" content=\"1400\" \/>\n\t<meta property=\"og:image:height\" content=\"788\" \/>\n\t<meta property=\"og:image:type\" content=\"image\/jpeg\" \/>\n<meta name=\"twitter:card\" content=\"summary_large_image\" \/>\n<meta name=\"twitter:label1\" content=\"Est. reading time\" \/>\n\t<meta name=\"twitter:data1\" content=\"6 minutes\" \/>\n<script type=\"application\/ld+json\" class=\"yoast-schema-graph\">{\"@context\":\"https:\/\/schema.org\",\"@graph\":[{\"@type\":\"WebPage\",\"@id\":\"https:\/\/www.jloisbocos.com\/en\/portefolio\/ciclo-de-conciertos-de-organo-villa-de-tordesillas\/\",\"url\":\"https:\/\/www.jloisbocos.com\/en\/portefolio\/ciclo-de-conciertos-de-organo-villa-de-tordesillas\/\",\"name\":\"Ciclo de conciertos de \u00f3rgano Villa de Tordesillas - Jloisbocos\",\"isPartOf\":{\"@id\":\"https:\/\/www.jloisbocos.com\/en\/#website\"},\"primaryImageOfPage\":{\"@id\":\"https:\/\/www.jloisbocos.com\/en\/portefolio\/ciclo-de-conciertos-de-organo-villa-de-tordesillas\/#primaryimage\"},\"image\":{\"@id\":\"https:\/\/www.jloisbocos.com\/en\/portefolio\/ciclo-de-conciertos-de-organo-villa-de-tordesillas\/#primaryimage\"},\"thumbnailUrl\":\"https:\/\/www.jloisbocos.com\/wp-content\/uploads\/2023\/08\/identidad-ciclo-organo-tordesillas-logo-1.jpg\",\"datePublished\":\"2023-08-22T13:56:47+00:00\",\"dateModified\":\"2025-02-01T10:37:21+00:00\",\"breadcrumb\":{\"@id\":\"https:\/\/www.jloisbocos.com\/en\/portefolio\/ciclo-de-conciertos-de-organo-villa-de-tordesillas\/#breadcrumb\"},\"inLanguage\":\"en-US\",\"potentialAction\":[{\"@type\":\"ReadAction\",\"target\":[\"https:\/\/www.jloisbocos.com\/en\/portefolio\/ciclo-de-conciertos-de-organo-villa-de-tordesillas\/\"]}]},{\"@type\":\"ImageObject\",\"inLanguage\":\"en-US\",\"@id\":\"https:\/\/www.jloisbocos.com\/en\/portefolio\/ciclo-de-conciertos-de-organo-villa-de-tordesillas\/#primaryimage\",\"url\":\"https:\/\/www.jloisbocos.com\/wp-content\/uploads\/2023\/08\/identidad-ciclo-organo-tordesillas-logo-1.jpg\",\"contentUrl\":\"https:\/\/www.jloisbocos.com\/wp-content\/uploads\/2023\/08\/identidad-ciclo-organo-tordesillas-logo-1.jpg\",\"width\":1400,\"height\":788},{\"@type\":\"BreadcrumbList\",\"@id\":\"https:\/\/www.jloisbocos.com\/en\/portefolio\/ciclo-de-conciertos-de-organo-villa-de-tordesillas\/#breadcrumb\",\"itemListElement\":[{\"@type\":\"ListItem\",\"position\":1,\"name\":\"In\u00edcio\",\"item\":\"https:\/\/www.jloisbocos.com\/en\/\"},{\"@type\":\"ListItem\",\"position\":2,\"name\":\"Portfolio\",\"item\":\"https:\/\/www.jloisbocos.com\/en\/portfolio\/\"},{\"@type\":\"ListItem\",\"position\":3,\"name\":\"Dise\u00f1o\",\"item\":\"https:\/\/www.jloisbocos.com\/cat-portfolio\/diseno-grafico\/\"},{\"@type\":\"ListItem\",\"position\":4,\"name\":\"Ciclo de conciertos de \u00f3rgano Villa de Tordesillas\"}]},{\"@type\":\"WebSite\",\"@id\":\"https:\/\/www.jloisbocos.com\/en\/#website\",\"url\":\"https:\/\/www.jloisbocos.com\/en\/\",\"name\":\"Jloisbocos\",\"description\":\"Fotogr\u00e1fia, dise\u00f1o y 3Dscan\",\"publisher\":{\"@id\":\"https:\/\/www.jloisbocos.com\/en\/#organization\"},\"potentialAction\":[{\"@type\":\"SearchAction\",\"target\":{\"@type\":\"EntryPoint\",\"urlTemplate\":\"https:\/\/www.jloisbocos.com\/en\/?s={search_term_string}\"},\"query-input\":{\"@type\":\"PropertyValueSpecification\",\"valueRequired\":true,\"valueName\":\"search_term_string\"}}],\"inLanguage\":\"en-US\"},{\"@type\":\"Organization\",\"@id\":\"https:\/\/www.jloisbocos.com\/en\/#organization\",\"name\":\"Jloisbocos\",\"url\":\"https:\/\/www.jloisbocos.com\/en\/\",\"logo\":{\"@type\":\"ImageObject\",\"inLanguage\":\"en-US\",\"@id\":\"https:\/\/www.jloisbocos.com\/en\/#\/schema\/logo\/image\/\",\"url\":\"https:\/\/www.jloisbocos.com\/wp-content\/uploads\/2022\/12\/logo.png\",\"contentUrl\":\"https:\/\/www.jloisbocos.com\/wp-content\/uploads\/2022\/12\/logo.png\",\"width\":208,\"height\":42,\"caption\":\"Jloisbocos\"},\"image\":{\"@id\":\"https:\/\/www.jloisbocos.com\/en\/#\/schema\/logo\/image\/\"}}]}<\/script>\n<!-- \/ Yoast SEO plugin. -->","yoast_head_json":{"title":"Ciclo de conciertos de \u00f3rgano Villa de Tordesillas - Jloisbocos","robots":{"index":"noindex","follow":"follow","max-snippet":"max-snippet:-1","max-image-preview":"max-image-preview:large","max-video-preview":"max-video-preview:-1"},"og_locale":"en_US","og_type":"article","og_title":"Ciclo de conciertos de \u00f3rgano Villa de Tordesillas - Jloisbocos","og_description":"Identidad visual Colaboraci\u00f3n con la asociaci\u00f3n &#8220;El Realejo&#8221; para el desarrollo de la comunicaci\u00f3n visual del ciclo de conciertos de \u00f3rgano que se celebra todos los a\u00f1os en Tordesillas en la temporada de verano. La comunicaci\u00f3n tiene como objetivo promover el ciclo de conciertos para recibir el mayor numero de visitas posibles. Esta comunicaci\u00f3n es [&hellip;]","og_url":"https:\/\/www.jloisbocos.com\/en\/portefolio\/ciclo-de-conciertos-de-organo-villa-de-tordesillas\/","og_site_name":"Jloisbocos","article_modified_time":"2025-02-01T10:37:21+00:00","og_image":[{"width":1400,"height":788,"url":"https:\/\/www.jloisbocos.com\/wp-content\/uploads\/2023\/08\/identidad-ciclo-organo-tordesillas-logo-1.jpg","type":"image\/jpeg"}],"twitter_card":"summary_large_image","twitter_misc":{"Est. reading time":"6 minutes"},"schema":{"@context":"https:\/\/schema.org","@graph":[{"@type":"WebPage","@id":"https:\/\/www.jloisbocos.com\/en\/portefolio\/ciclo-de-conciertos-de-organo-villa-de-tordesillas\/","url":"https:\/\/www.jloisbocos.com\/en\/portefolio\/ciclo-de-conciertos-de-organo-villa-de-tordesillas\/","name":"Ciclo de conciertos de \u00f3rgano Villa de Tordesillas - Jloisbocos","isPartOf":{"@id":"https:\/\/www.jloisbocos.com\/en\/#website"},"primaryImageOfPage":{"@id":"https:\/\/www.jloisbocos.com\/en\/portefolio\/ciclo-de-conciertos-de-organo-villa-de-tordesillas\/#primaryimage"},"image":{"@id":"https:\/\/www.jloisbocos.com\/en\/portefolio\/ciclo-de-conciertos-de-organo-villa-de-tordesillas\/#primaryimage"},"thumbnailUrl":"https:\/\/www.jloisbocos.com\/wp-content\/uploads\/2023\/08\/identidad-ciclo-organo-tordesillas-logo-1.jpg","datePublished":"2023-08-22T13:56:47+00:00","dateModified":"2025-02-01T10:37:21+00:00","breadcrumb":{"@id":"https:\/\/www.jloisbocos.com\/en\/portefolio\/ciclo-de-conciertos-de-organo-villa-de-tordesillas\/#breadcrumb"},"inLanguage":"en-US","potentialAction":[{"@type":"ReadAction","target":["https:\/\/www.jloisbocos.com\/en\/portefolio\/ciclo-de-conciertos-de-organo-villa-de-tordesillas\/"]}]},{"@type":"ImageObject","inLanguage":"en-US","@id":"https:\/\/www.jloisbocos.com\/en\/portefolio\/ciclo-de-conciertos-de-organo-villa-de-tordesillas\/#primaryimage","url":"https:\/\/www.jloisbocos.com\/wp-content\/uploads\/2023\/08\/identidad-ciclo-organo-tordesillas-logo-1.jpg","contentUrl":"https:\/\/www.jloisbocos.com\/wp-content\/uploads\/2023\/08\/identidad-ciclo-organo-tordesillas-logo-1.jpg","width":1400,"height":788},{"@type":"BreadcrumbList","@id":"https:\/\/www.jloisbocos.com\/en\/portefolio\/ciclo-de-conciertos-de-organo-villa-de-tordesillas\/#breadcrumb","itemListElement":[{"@type":"ListItem","position":1,"name":"In\u00edcio","item":"https:\/\/www.jloisbocos.com\/en\/"},{"@type":"ListItem","position":2,"name":"Portfolio","item":"https:\/\/www.jloisbocos.com\/en\/portfolio\/"},{"@type":"ListItem","position":3,"name":"Dise\u00f1o","item":"https:\/\/www.jloisbocos.com\/cat-portfolio\/diseno-grafico\/"},{"@type":"ListItem","position":4,"name":"Ciclo de conciertos de \u00f3rgano Villa de Tordesillas"}]},{"@type":"WebSite","@id":"https:\/\/www.jloisbocos.com\/en\/#website","url":"https:\/\/www.jloisbocos.com\/en\/","name":"Jloisbocos","description":"Fotogr\u00e1fia, dise\u00f1o y 3Dscan","publisher":{"@id":"https:\/\/www.jloisbocos.com\/en\/#organization"},"potentialAction":[{"@type":"SearchAction","target":{"@type":"EntryPoint","urlTemplate":"https:\/\/www.jloisbocos.com\/en\/?s={search_term_string}"},"query-input":{"@type":"PropertyValueSpecification","valueRequired":true,"valueName":"search_term_string"}}],"inLanguage":"en-US"},{"@type":"Organization","@id":"https:\/\/www.jloisbocos.com\/en\/#organization","name":"Jloisbocos","url":"https:\/\/www.jloisbocos.com\/en\/","logo":{"@type":"ImageObject","inLanguage":"en-US","@id":"https:\/\/www.jloisbocos.com\/en\/#\/schema\/logo\/image\/","url":"https:\/\/www.jloisbocos.com\/wp-content\/uploads\/2022\/12\/logo.png","contentUrl":"https:\/\/www.jloisbocos.com\/wp-content\/uploads\/2022\/12\/logo.png","width":208,"height":42,"caption":"Jloisbocos"},"image":{"@id":"https:\/\/www.jloisbocos.com\/en\/#\/schema\/logo\/image\/"}}]}},"jetpack_sharing_enabled":true,"_links":{"self":[{"href":"https:\/\/www.jloisbocos.com\/en\/wp-json\/wp\/v2\/project\/1296","targetHints":{"allow":["GET"]}}],"collection":[{"href":"https:\/\/www.jloisbocos.com\/en\/wp-json\/wp\/v2\/project"}],"about":[{"href":"https:\/\/www.jloisbocos.com\/en\/wp-json\/wp\/v2\/types\/project"}],"version-history":[{"count":16,"href":"https:\/\/www.jloisbocos.com\/en\/wp-json\/wp\/v2\/project\/1296\/revisions"}],"predecessor-version":[{"id":2720,"href":"https:\/\/www.jloisbocos.com\/en\/wp-json\/wp\/v2\/project\/1296\/revisions\/2720"}],"wp:featuredmedia":[{"embeddable":true,"href":"https:\/\/www.jloisbocos.com\/en\/wp-json\/wp\/v2\/media\/1302"}],"wp:attachment":[{"href":"https:\/\/www.jloisbocos.com\/en\/wp-json\/wp\/v2\/media?parent=1296"}],"wp:term":[{"taxonomy":"cat-portfolio","embeddable":true,"href":"https:\/\/www.jloisbocos.com\/en\/wp-json\/wp\/v2\/cat-portfolio?post=1296"},{"taxonomy":"project-tag","embeddable":true,"href":"https:\/\/www.jloisbocos.com\/en\/wp-json\/wp\/v2\/project-tag?post=1296"}],"curies":[{"name":"wp","href":"https:\/\/api.w.org\/{rel}","templated":true}]}}